{"id":24664,"date":"2023-07-20T14:30:41","date_gmt":"2023-07-20T14:30:41","guid":{"rendered":"http:\/\/pettenkofer.local\/?page_id=24664"},"modified":"2026-04-09T18:48:59","modified_gmt":"2026-04-09T18:48:59","slug":"kundenstimmen","status":"publish","type":"page","link":"https:\/\/kerstinpettenkofer.de\/en\/kundenstimmen\/","title":{"rendered":"Testimonials"},"content":{"rendered":"<div data-elementor-type=\"wp-page\" data-elementor-id=\"24664\" class=\"elementor elementor-24664\">\n\t\t\t\t\t\t<section class=\"elementor-section elementor-top-section elementor-element elementor-element-e7b30a0 elementor-section-boxed elementor-section-height-default elementor-section-height-default\" data-id=\"e7b30a0\" data-element_type=\"section\" data-e-type=\"section\">\n\t\t\t\t\t\t<div class=\"elementor-container elementor-column-gap-default\">\n\t\t\t\t\t<div class=\"elementor-column elementor-col-100 elementor-top-column elementor-element elementor-element-45e482f\" data-id=\"45e482f\" data-element_type=\"column\" data-e-type=\"column\">\n\t\t\t<div class=\"elementor-widget-wrap elementor-element-populated\">\n\t\t\t\t\t\t<div class=\"elementor-element elementor-element-7c301de elementor-widget elementor-widget-heading\" data-id=\"7c301de\" data-element_type=\"widget\" data-e-type=\"widget\" data-widget_type=\"heading.default\">\n\t\t\t\t<div class=\"elementor-widget-container\">\n\t\t\t\t\t<h1 class=\"elementor-heading-title elementor-size-default\">Testimonials<\/h1>\t\t\t\t<\/div>\n\t\t\t\t<\/div>\n\t\t\t\t<section class=\"elementor-section elementor-inner-section elementor-element elementor-element-7ba155e elementor-section-boxed elementor-section-height-default elementor-section-height-default\" data-id=\"7ba155e\" data-element_type=\"section\" data-e-type=\"section\">\n\t\t\t\t\t\t<div class=\"elementor-container elementor-column-gap-default\">\n\t\t\t\t\t<div class=\"elementor-column elementor-col-100 elementor-inner-column elementor-element elementor-element-3255ebb\" data-id=\"3255ebb\" data-element_type=\"column\" data-e-type=\"column\">\n\t\t\t<div class=\"elementor-widget-wrap elementor-element-populated\">\n\t\t\t\t\t\t<div class=\"elementor-element elementor-element-88db2c3 elementor-widget elementor-widget-text-editor\" data-id=\"88db2c3\" data-element_type=\"widget\" data-e-type=\"widget\" data-widget_type=\"text-editor.default\">\n\t\t\t\t<div class=\"elementor-widget-container\">\n\t\t\t\t\t\t\t\t\t<p>Kerstin \u00fcberzeugte durch ihre klare und zugleich empathische Art, den richtigen Ton zu treffen \u2013 selbst bei sensiblen oder konfliktgeladenen Themen. Sie hat ein ausgesprochen gutes Gesp\u00fcr f\u00fcr Gruppendynamiken und erkennt schnell, worum es in einem Konflikt wirklich geht. Dabei gelingt es ihr, diplomatisch, l\u00f6sungsorientiert und zielgerichtet vorzugehen. Ihre Moderationen \/ Coachings sind gr\u00fcndlich vorbereitet, strukturiert und gleichzeitig effizient. Eine echte Bereicherung \u2013 fachlich wie menschlich.<br \/><strong>Frauke Muth, ehem. Leiterin Jugend f\u00fcr Europa<\/strong><\/p>\t\t\t\t\t\t\t\t<\/div>\n\t\t\t\t<\/div>\n\t\t\t\t<div class=\"elementor-element elementor-element-d69cb0a elementor-widget elementor-widget-text-editor\" data-id=\"d69cb0a\" data-element_type=\"widget\" data-e-type=\"widget\" data-widget_type=\"text-editor.default\">\n\t\t\t\t<div class=\"elementor-widget-container\">\n\t\t\t\t\t\t\t\t\t<p>\"Kerstin Pettenkofer's professional facilitation skills, combined with her keen sense of timing and the atmosphere in the room, provided us with excellent support during our institute's strategy retreat.\"<br \/><strong>Prof. Dr. Anna-Katharina Hornidge, Director of the German Institute of Development and Sustainability (IDOS)<\/strong><\/p>\t\t\t\t\t\t\t\t<\/div>\n\t\t\t\t<\/div>\n\t\t\t\t<div class=\"elementor-element elementor-element-8a0e2fc elementor-widget elementor-widget-text-editor\" data-id=\"8a0e2fc\" data-element_type=\"widget\" data-e-type=\"widget\" data-widget_type=\"text-editor.default\">\n\t\t\t\t<div class=\"elementor-widget-container\">\n\t\t\t\t\t\t\t\t\t<p><strong>\u00a0<\/strong>\u201eNachhaltigkeit ist in aller Munde, aber nicht \u00fcberall ist Nachhaltigkeit drin, wo Nachhaltigkeit drauf steht. Kerstin ist die perfekte Ansprechpartnerin, um sich im Nachhaltigkeits-Dickicht einen \u00dcberblick zu verschaffen und den f\u00fcr die eigene Organisation geeigneten Weg zu finden. Dabei beachtet sie individuelle Rahmenbedingungen und schafft es, unterschiedliche Anforderungen bestens unter einen Hut zu bekommen. In unserer Zusammenarbeit konnten wir unseren eigenen Nachhaltigkeitsbericht erfolgreich ver\u00f6ffentlichen und verfolgen weiter unser Ziel, Deutschlands nachhaltigste Austauschorganisation zu werden.\u201c<strong><br \/>Bettina Wiedmann, Gesch\u00e4ftsf\u00fchrerin Experiment e.V.<\/strong><\/p>\t\t\t\t\t\t\t\t<\/div>\n\t\t\t\t<\/div>\n\t\t\t\t<div class=\"elementor-element elementor-element-c82f517 elementor-widget elementor-widget-text-editor\" data-id=\"c82f517\" data-element_type=\"widget\" data-e-type=\"widget\" data-widget_type=\"text-editor.default\">\n\t\t\t\t<div class=\"elementor-widget-container\">\n\t\t\t\t\t\t\t\t\t\"Sustainability expert, facilitator, close to people and strong communicator all in one.\"\nDaniela Gollob, Responsible for Sustainabel Development at Goethe Institute Headquater\n<strong><br>Daniela Gollob, Responsible for Sustainability at Goethe-Institut Headquater<\/strong>\t\t\t\t\t\t\t\t<\/div>\n\t\t\t\t<\/div>\n\t\t\t\t<div class=\"elementor-element elementor-element-dee2afb elementor-widget elementor-widget-text-editor\" data-id=\"dee2afb\" data-element_type=\"widget\" data-e-type=\"widget\" data-widget_type=\"text-editor.default\">\n\t\t\t\t<div class=\"elementor-widget-container\">\n\t\t\t\t\t\t\t\t\t<p>\u201eDie Zusammenarbeit mit Kerstin Pettenkofer ist f\u00fcr uns eine gro\u00dfartige Unterst\u00fctzung in Sachen Organisation und Moderation. Ihre inhaltliche Fachkompetenz tr\u00e4gt dazu bei, dass Themen richtig platziert werden und methodisch abwechslungsreich gestaltet sind. Dadurch hatten wir bereits tolle Veranstaltungen mit viel positivem Feedback. Der pers\u00f6nliche Austausch ist absolut zuverl\u00e4ssig und macht zudem auch Spa\u00df. Wir freuen uns auf weitere gemeinsame Projekte.\u201c<strong><br \/>Jana Berschneider, Projektmanagerin bei WWF Germany<\/strong><\/p>\t\t\t\t\t\t\t\t<\/div>\n\t\t\t\t<\/div>\n\t\t\t\t<div class=\"elementor-element elementor-element-7bebda6 elementor-widget elementor-widget-text-editor\" data-id=\"7bebda6\" data-element_type=\"widget\" data-e-type=\"widget\" data-widget_type=\"text-editor.default\">\n\t\t\t\t<div class=\"elementor-widget-container\">\n\t\t\t\t\t\t\t\t\tAt the reception to mark DEG's 60th anniversary, I found Kerstin Pettenkofer to be a sensitive, attentive and very interested moderator who treated our international guests with great respect. Sustainability issues are clearly very close to her heart. The personal exchange in the run-up to the event was a lot of fun - Kerstin Pettenkofer was always reliable, well prepared and, last but not least, humorous\".<br>\n<strong>Anja Strautz, Senior Managerin Communications, DEG<\/strong>\t\t\t\t\t\t\t\t<\/div>\n\t\t\t\t<\/div>\n\t\t\t\t<div class=\"elementor-element elementor-element-c8dc5c7 elementor-widget elementor-widget-text-editor\" data-id=\"c8dc5c7\" data-element_type=\"widget\" data-e-type=\"widget\" data-widget_type=\"text-editor.default\">\n\t\t\t\t<div class=\"elementor-widget-container\">\n\t\t\t\t\t\t\t\t\t<p class=\"translation-block\">Kerstin Pettenkofer guided us through the process of introducing sustainable event management. Her excellent expertise and her keen sense of working in groups were an asset to us. Change processes require attention, patience and humour. Kerstin Pettenkofer has the moderator gene. With her, the elements in the room flow together.  We were able to experience how we can accept our challenges in a solution-focused way.\u201c<br><strong>\nAnnika Manz, ehem. Projektleitung Veranstaltungsmanagement Engagement Global <\/strong><\/p>\t\t\t\t\t\t\t\t<\/div>\n\t\t\t\t<\/div>\n\t\t\t\t\t<\/div>\n\t\t<\/div>\n\t\t\t\t\t<\/div>\n\t\t<\/section>\n\t\t\t\t<div class=\"elementor-element elementor-element-bfe6769 elementor-arrows-position-inside elementor-pagination-position-outside elementor-widget elementor-widget-image-carousel\" data-id=\"bfe6769\" data-element_type=\"widget\" data-e-type=\"widget\" data-settings=\"{&quot;slides_to_show&quot;:&quot;1&quot;,&quot;autoplay_speed&quot;:8000,&quot;effect&quot;:&quot;fade&quot;,&quot;speed&quot;:2500,&quot;navigation&quot;:&quot;both&quot;,&quot;autoplay&quot;:&quot;yes&quot;,&quot;pause_on_hover&quot;:&quot;yes&quot;,&quot;pause_on_interaction&quot;:&quot;yes&quot;,&quot;infinite&quot;:&quot;yes&quot;}\" data-widget_type=\"image-carousel.default\">\n\t\t\t\t<div class=\"elementor-widget-container\">\n\t\t\t\t\t\t\t<div class=\"elementor-image-carousel-wrapper swiper\" role=\"region\" aria-roledescription=\"carousel\" aria-label=\"Bild Karussell\" dir=\"ltr\">\n\t\t\t<div class=\"elementor-image-carousel swiper-wrapper\" aria-live=\"off\">\n\t\t\t\t\t\t\t\t<div class=\"swiper-slide\" role=\"group\" aria-roledescription=\"slide\" aria-label=\"1 von 7\"><figure class=\"swiper-slide-inner\"><img decoding=\"async\" class=\"swiper-slide-image\" src=\"https:\/\/kerstinpettenkofer.de\/wp-content\/uploads\/2023\/08\/@MartinMangunia-bw-scaled-e1692624308961-1024x498.jpg\" alt=\"Building Bridges between Cities in Europe and Worldwide -City of Bonn  \u00a9 Martin Magunia\" \/><figcaption class=\"elementor-image-carousel-caption\">Building Bridges between Cities in Europe and Worldwide -City of Bonn  \u00a9 Martin Magunia<\/figcaption><\/figure><\/div><div class=\"swiper-slide\" role=\"group\" aria-roledescription=\"slide\" aria-label=\"2 von 7\"><figure class=\"swiper-slide-inner\"><img decoding=\"async\" class=\"swiper-slide-image\" src=\"https:\/\/kerstinpettenkofer.de\/wp-content\/uploads\/2023\/08\/Slider-2-1024x498.jpg\" alt=\"Nachhaltigkeitsvortrag bw-i im Dialog 2021; \u00a9 Eva Ewerhart\" \/><figcaption class=\"elementor-image-carousel-caption\">Nachhaltigkeitsvortrag bw-i im Dialog 2021; \u00a9 Eva Ewerhart<\/figcaption><\/figure><\/div><div class=\"swiper-slide\" role=\"group\" aria-roledescription=\"slide\" aria-label=\"3 von 7\"><figure class=\"swiper-slide-inner\"><img decoding=\"async\" class=\"swiper-slide-image\" src=\"https:\/\/kerstinpettenkofer.de\/wp-content\/uploads\/2023\/08\/Slider-4-1024x498.jpg\" alt=\"Nachhaltiges Bauen, Vonovia  \u00a9Mertsch\" \/><figcaption class=\"elementor-image-carousel-caption\">Nachhaltiges Bauen, Vonovia  \u00a9Mertsch<\/figcaption><\/figure><\/div><div class=\"swiper-slide\" role=\"group\" aria-roledescription=\"slide\" aria-label=\"4 von 7\"><figure class=\"swiper-slide-inner\"><img decoding=\"async\" class=\"swiper-slide-image\" src=\"https:\/\/kerstinpettenkofer.de\/wp-content\/uploads\/2023\/08\/Slider3-1024x498.jpg\" alt=\"60 Jahre Deutsche Investitions- und Entwicklungsgesellschaft\" \/><figcaption class=\"elementor-image-carousel-caption\">60 Jahre Deutsche Investitions- und Entwicklungsgesellschaft<\/figcaption><\/figure><\/div><div class=\"swiper-slide\" role=\"group\" aria-roledescription=\"slide\" aria-label=\"5 von 7\"><figure class=\"swiper-slide-inner\"><img decoding=\"async\" class=\"swiper-slide-image\" src=\"https:\/\/kerstinpettenkofer.de\/wp-content\/uploads\/2023\/08\/Slider5-1024x498.jpg\" alt=\"Fair handeln mit dem Fokus Textil - Engagement Global\" \/><figcaption class=\"elementor-image-carousel-caption\">Fair handeln mit dem Fokus Textil - Engagement Global<\/figcaption><\/figure><\/div><div class=\"swiper-slide\" role=\"group\" aria-roledescription=\"slide\" aria-label=\"6 von 7\"><figure class=\"swiper-slide-inner\"><img decoding=\"async\" class=\"swiper-slide-image\" src=\"https:\/\/kerstinpettenkofer.de\/wp-content\/uploads\/2023\/08\/Slider6-1024x498.jpg\" alt=\"Global Green Deal, Hybrid\" \/><figcaption class=\"elementor-image-carousel-caption\">Global Green Deal, Hybrid<\/figcaption><\/figure><\/div><div class=\"swiper-slide\" role=\"group\" aria-roledescription=\"slide\" aria-label=\"7 von 7\"><figure class=\"swiper-slide-inner\"><img decoding=\"async\" class=\"swiper-slide-image\" src=\"https:\/\/kerstinpettenkofer.de\/wp-content\/uploads\/2023\/08\/Slider7-1024x498.jpg\" alt=\"Input Nachhaltigkeit, GIZSeneca Green Sarajevo\" \/><figcaption class=\"elementor-image-carousel-caption\">Input Nachhaltigkeit, GIZSeneca Green Sarajevo<\/figcaption><\/figure><\/div>\t\t\t<\/div>\n\t\t\t\t\t\t\t\t\t\t\t\t<div class=\"elementor-swiper-button elementor-swiper-button-prev\" role=\"button\" tabindex=\"0\">\n\t\t\t\t\t\t<i aria-hidden=\"true\" class=\"eicon-chevron-left\"><\/i>\t\t\t\t\t<\/div>\n\t\t\t\t\t<div class=\"elementor-swiper-button elementor-swiper-button-next\" role=\"button\" tabindex=\"0\">\n\t\t\t\t\t\t<i aria-hidden=\"true\" class=\"eicon-chevron-right\"><\/i>\t\t\t\t\t<\/div>\n\t\t\t\t\n\t\t\t\t\t\t\t\t\t<div class=\"swiper-pagination\"><\/div>\n\t\t\t\t\t\t\t\t\t<\/div>\n\t\t\t\t\t\t<\/div>\n\t\t\t\t<\/div>\n\t\t\t\t\t<\/div>\n\t\t<\/div>\n\t\t\t\t\t<\/div>\n\t\t<\/section>\n\t\t\t\t<section class=\"elementor-section elementor-top-section elementor-element elementor-element-f8936f2 elementor-section-height-full elementor-section-boxed elementor-section-height-default elementor-section-items-middle\" data-id=\"f8936f2\" data-element_type=\"section\" data-e-type=\"section\" data-settings=\"{&quot;background_background&quot;:&quot;classic&quot;}\">\n\t\t\t\t\t\t<div class=\"elementor-container elementor-column-gap-default\">\n\t\t\t\t\t<div class=\"elementor-column elementor-col-100 elementor-top-column elementor-element elementor-element-44ef292\" data-id=\"44ef292\" data-element_type=\"column\" data-e-type=\"column\">\n\t\t\t<div class=\"elementor-widget-wrap elementor-element-populated\">\n\t\t\t\t\t\t<div class=\"elementor-element elementor-element-022c406 elementor-widget elementor-widget-text-editor\" data-id=\"022c406\" data-element_type=\"widget\" data-e-type=\"widget\" data-widget_type=\"text-editor.default\">\n\t\t\t\t<div class=\"elementor-widget-container\">\n\t\t\t\t\t\t\t\t\tSome of my clients include the following\t\t\t\t\t\t\t\t<\/div>\n\t\t\t\t<\/div>\n\t\t\t\t<div class=\"elementor-element elementor-element-707b6c5 elementor-widget elementor-widget-text-editor\" data-id=\"707b6c5\" data-element_type=\"widget\" data-e-type=\"widget\" data-widget_type=\"text-editor.default\">\n\t\t\t\t<div class=\"elementor-widget-container\">\n\t\t\t\t\t\t\t\t\t<p>Bankhaus Metzler\u00a0 |\u00a0 Berlinale\u00a0 |\u00a0 Bundesstadt Bonn\u00a0 |\u00a0 Bundespresseamt der Bundesregierung\u00a0 |\u00a0 Bundesumweltministerium\u00a0 |\u00a0 Engagement Global gGmbH\u00a0 |\u00a0 Experiment e.V.\u00a0 |\u00a0 Fairtrade International\u00a0 |\u00a0 German Institute of Development and Sustainability (IDOS)\u00a0 |\u00a0 Gesellschaft f\u00fcr internationale Zusammenarbeit (GIZ)\u00a0 |\u00a0 Goethe Institut e.V.\u00a0 |\u00a0 Greenstorming GmbH | Kreditanstalt f\u00fcr Wiederaufbau (KfW)\u00a0 |\u00a0 Ministerium f\u00fcr Klimaschutz, Umwelt, Landwirtschaft, Natur- und Verbraucherschutz des Landes Nordrhein-Westfalen\u00a0 |\u00a0 Oatly Dach\u00a0 |\u00a0 Quartier Stuttgart\u00a0 |\u00a0 Rat f\u00fcr Nachhaltige Entwicklung\u00a0 |\u00a0 R\u00f6thel GmbH &amp; Co. KG |\u00a0Stiftung kulturelle Erneuerung\u00a0 |\u00a0 Telekom AG\u00a0 |\u00a0 United Nations\u00a0 |\u00a0 Universit\u00e4t Bonn (encacom)\u00a0 |\u00a0 Verband der deutschen Chemieindustrie e.V.\u00a0 |\u00a0 Vonovia\u00a0 |\u00a0 World Wide Nature Fund (WWF)\u00a0 |\u00a0 W\u00fcrth Akadmie\u00a0 |\u00a0 Zurich Gruppe Deutschland<\/p>\t\t\t\t\t\t\t\t<\/div>\n\t\t\t\t<\/div>\n\t\t\t\t\t<\/div>\n\t\t<\/div>\n\t\t\t\t\t<\/div>\n\t\t<\/section>\n\t\t\t\t<section class=\"elementor-section elementor-top-section elementor-element elementor-element-f31b972 elementor-section-boxed elementor-section-height-default elementor-section-height-default\" data-id=\"f31b972\" data-element_type=\"section\" data-e-type=\"section\">\n\t\t\t\t\t\t<div class=\"elementor-container elementor-column-gap-default\">\n\t\t\t\t\t<div class=\"elementor-column elementor-col-100 elementor-top-column elementor-element elementor-element-6431b06\" data-id=\"6431b06\" data-element_type=\"column\" data-e-type=\"column\">\n\t\t\t<div class=\"elementor-widget-wrap\">\n\t\t\t\t\t\t\t<\/div>\n\t\t<\/div>\n\t\t\t\t\t<\/div>\n\t\t<\/section>\n\t\t\t\t<\/div>","protected":false},"excerpt":{"rendered":"<p>Kundenstimmen Kerstin \u00fcberzeugte durch ihre klare und zugleich empathische Art, den richtigen Ton zu treffen \u2013 selbst bei sensiblen oder konfliktgeladenen Themen. Sie hat ein ausgesprochen gutes Gesp\u00fcr f\u00fcr Gruppendynamiken und erkennt schnell, worum es in einem Konflikt wirklich geht. Dabei gelingt es ihr, diplomatisch, l\u00f6sungsorientiert und zielgerichtet vorzugehen. Ihre Moderationen \/ Coachings sind gr\u00fcndlich &hellip;<\/p>\n<p class=\"read-more\"> <a class=\"\" href=\"https:\/\/kerstinpettenkofer.de\/en\/kundenstimmen\/\"> <span class=\"screen-reader-text\">Testimonials<\/span> Read More &raquo;<\/a><\/p>","protected":false},"author":1,"featured_media":0,"parent":0,"menu_order":0,"comment_status":"closed","ping_status":"closed","template":"","meta":{"site-sidebar-layout":"no-sidebar","site-content-layout":"page-builder","ast-global-header-display":"","ast-banner-title-visibility":"","ast-main-header-display":"","ast-hfb-above-header-display":"","ast-hfb-below-header-display":"","ast-hfb-mobile-header-display":"","site-post-title":"disabled","ast-breadcrumbs-content":"","ast-featured-img":"disabled","footer-sml-layout":"","theme-transparent-header-meta":"","adv-header-id-meta":"","stick-header-meta":"","header-above-stick-meta":"","header-main-stick-meta":"","header-below-stick-meta":"","footnotes":""},"class_list":["post-24664","page","type-page","status-publish","hentry"],"_links":{"self":[{"href":"https:\/\/kerstinpettenkofer.de\/en\/wp-json\/wp\/v2\/pages\/24664","targetHints":{"allow":["GET"]}}],"collection":[{"href":"https:\/\/kerstinpettenkofer.de\/en\/wp-json\/wp\/v2\/pages"}],"about":[{"href":"https:\/\/kerstinpettenkofer.de\/en\/wp-json\/wp\/v2\/types\/page"}],"author":[{"embeddable":true,"href":"https:\/\/kerstinpettenkofer.de\/en\/wp-json\/wp\/v2\/users\/1"}],"replies":[{"embeddable":true,"href":"https:\/\/kerstinpettenkofer.de\/en\/wp-json\/wp\/v2\/comments?post=24664"}],"version-history":[{"count":27,"href":"https:\/\/kerstinpettenkofer.de\/en\/wp-json\/wp\/v2\/pages\/24664\/revisions"}],"predecessor-version":[{"id":26207,"href":"https:\/\/kerstinpettenkofer.de\/en\/wp-json\/wp\/v2\/pages\/24664\/revisions\/26207"}],"wp:attachment":[{"href":"https:\/\/kerstinpettenkofer.de\/en\/wp-json\/wp\/v2\/media?parent=24664"}],"curies":[{"name":"wp","href":"https:\/\/api.w.org\/{rel}","templated":true}]}}